{"id":1920,"date":"2021-10-28T02:30:58","date_gmt":"2021-10-28T00:30:58","guid":{"rendered":"https:\/\/dev.inventaire.ch\/duchein\/emploi\/"},"modified":"2026-03-06T14:44:15","modified_gmt":"2026-03-06T13:44:15","slug":"stelle","status":"publish","type":"page","link":"https:\/\/www.duchein.ch\/de\/stelle\/","title":{"rendered":"stelle"},"content":{"rendered":"<p>[et_pb_section fb_built=&#8220;1&#8243; _builder_version=&#8220;4.27.0&#8243; _module_preset=&#8220;default&#8220; global_colors_info=&#8220;{}&#8220;][et_pb_row _builder_version=&#8220;4.16&#8243; _module_preset=&#8220;default&#8220; global_colors_info=&#8220;{}&#8220;][et_pb_column type=&#8220;4_4&#8243; _builder_version=&#8220;4.16&#8243; _module_preset=&#8220;default&#8220; global_colors_info=&#8220;{}&#8220;][et_pb_text _builder_version=&#8220;4.27.4&#8243; _module_preset=&#8220;default&#8220; text_font_size=&#8220;15px&#8220; header_2_font=&#8220;|600|||||||&#8220; header_2_text_color=&#8220;gcid-8fddec47-a713-4d10-b006-5bc318290bd1&#8243; header_2_font_size=&#8220;30px&#8220; header_3_font_size=&#8220;20px&#8220; header_3_line_height=&#8220;1.5em&#8220; locked=&#8220;off&#8220; global_colors_info=&#8220;{%22gcid-8fddec47-a713-4d10-b006-5bc318290bd1%22:%91%22header_2_text_color%22%93}&#8220;]<\/p>\n<h2 class=\"p1\">arbeiten bei duchein<\/h2>\n<h3 class=\"p1\">Bist du bereit f\u00fcr eine neue berufliche Herausforderung in einem innovativen Unternehmen ?<br \/>Willst du spannende, einmalige und zukunftsorientierte Projekte realisieren ? Dann haben wir die ideale M\u00f6glichkeit f\u00fcr dich !<\/h3>\n<p>[\/et_pb_text][\/et_pb_column][\/et_pb_row][et_pb_row column_structure=&#8220;1_4,1_2,1_4&#8243; _builder_version=&#8220;4.22.1&#8243; _module_preset=&#8220;default&#8220; locked=&#8220;off&#8220; global_colors_info=&#8220;{}&#8220;][et_pb_column type=&#8220;1_4&#8243; _builder_version=&#8220;4.22.1&#8243; _module_preset=&#8220;default&#8220; global_colors_info=&#8220;{}&#8220;][et_pb_image src=&#8220;https:\/\/www.duchein.ch\/wp-content\/uploads\/2024\/04\/win.svg&#8220; title_text=&#8220;win&#8220; _builder_version=&#8220;4.22.1&#8243; _module_preset=&#8220;default&#8220; width=&#8220;23%&#8220; width_tablet=&#8220;20%&#8220; width_phone=&#8220;26%&#8220; width_last_edited=&#8220;on|desktop&#8220; custom_margin=&#8220;||15px||false|false&#8220; custom_padding=&#8220;||0px||false|false&#8220; global_colors_info=&#8220;{}&#8220;][\/et_pb_image][et_pb_text _builder_version=&#8220;4.22.1&#8243; _module_preset=&#8220;default&#8220; text_font_size=&#8220;15px&#8220; header_2_font=&#8220;|600|||||||&#8220; header_2_text_color=&#8220;gcid-8fddec47-a713-4d10-b006-5bc318290bd1&#8243; header_2_font_size=&#8220;30px&#8220; header_3_font_size=&#8220;20px&#8220; header_3_line_height=&#8220;1.5em&#8220; locked=&#8220;off&#8220; global_colors_info=&#8220;{%22gcid-8fddec47-a713-4d10-b006-5bc318290bd1%22:%91%22header_2_text_color%22%93}&#8220;]<\/p>\n<h3 class=\"p1\"><strong>Was unsere Mitarbeitenden <br \/>an uns sch\u00e4tzen<\/strong><\/h3>\n<p>[\/et_pb_text][\/et_pb_column][et_pb_column type=&#8220;1_2&#8243; _builder_version=&#8220;4.22.1&#8243; _module_preset=&#8220;default&#8220; global_colors_info=&#8220;{}&#8220;][et_pb_text _builder_version=&#8220;4.27.4&#8243; _module_preset=&#8220;default&#8220; text_text_color=&#8220;gcid-a6e4efe6-0bfd-474d-bd08-86e1c2388126&#8243; global_colors_info=&#8220;{%22gcid-a6e4efe6-0bfd-474d-bd08-86e1c2388126%22:%91%22text_text_color%22%93}&#8220;]<\/p>\n<ul>\n<li>Prestigetr\u00e4chtige, abwechslungsreiche, innovative Projekte in der ganzen Schweiz<\/li>\n<li>Projekte in BIM, inkl. Koordination<\/li>\n<li>vielseitiges, dynamisches und herausforderndes Aufgabengebiet<\/li>\n<li>selbst\u00e4ndiges und strukturiertes Arbeiten<\/li>\n<li>Weiterbildungen (intern und extern)<\/li>\n<li>Team-Spirit mit Fachleuten, die ihr Wissen gerne teilen<\/li>\n<li>zweisprachiges Bu\u0308ro \u2013 mit Leichtigkeit eine weitere Sprache erlernen<\/li>\n<li>Du-Kultur, flache Hierarchie, kollegiales Umfeld in nachhaltigem Unternehmen<\/li>\n<\/ul>\n<p>[\/et_pb_text][\/et_pb_column][et_pb_column type=&#8220;1_4&#8243; _builder_version=&#8220;4.22.1&#8243; _module_preset=&#8220;default&#8220; global_colors_info=&#8220;{}&#8220;][\/et_pb_column][\/et_pb_row][et_pb_row column_structure=&#8220;1_2,1_2&#8243; _builder_version=&#8220;4.22.1&#8243; _module_preset=&#8220;default&#8220; global_colors_info=&#8220;{}&#8220;][et_pb_column type=&#8220;1_2&#8243; _builder_version=&#8220;4.16&#8243; _module_preset=&#8220;default&#8220; global_colors_info=&#8220;{}&#8220;][et_pb_cta title=&#8220;PLANE MIT UNS DIE ZUKUNFT!&#8220; _builder_version=&#8220;4.27.4&#8243; _module_preset=&#8220;default&#8220; header_font=&#8220;|800|||||||&#8220; header_text_align=&#8220;left&#8220; header_text_color=&#8220;#000000&#8243; header_font_size=&#8220;35px&#8220; background_image=&#8220;https:\/\/www.duchein.ch\/wp-content\/uploads\/2024\/04\/photo-plan-CP2_03.jpg&#8220; text_orientation=&#8220;left&#8220; height=&#8220;240px&#8220; custom_margin=&#8220;||||false|false&#8220; custom_margin_tablet=&#8220;||||false|false&#8220; custom_margin_phone=&#8220;||||false|false&#8220; custom_margin_last_edited=&#8220;on|phone&#8220; custom_padding=&#8220;||||false|false&#8220; custom_padding_tablet=&#8220;||||false|false&#8220; custom_padding_phone=&#8220;|||20px|false|false&#8220; custom_padding_last_edited=&#8220;on|phone&#8220; header_font_size_tablet=&#8220;35px&#8220; header_font_size_phone=&#8220;&#8220; header_font_size_last_edited=&#8220;on|phone&#8220; custom_css_promo_title=&#8220;width: 80%;&#8220; border_width_bottom=&#8220;7px&#8220; border_color_bottom=&#8220;gcid-8fddec47-a713-4d10-b006-5bc318290bd1&#8243; locked=&#8220;off&#8220; global_colors_info=&#8220;{%22gcid-8fddec47-a713-4d10-b006-5bc318290bd1%22:%91%22border_color_bottom%22%93}&#8220; custom_css_promo_title_last_edited=&#8220;on|phone&#8220; custom_css_promo_title_tablet=&#8220;width: 80%;&#8220; custom_css_promo_title_phone=&#8220;width: 80%;&#8220;][\/et_pb_cta][et_pb_toggle title=&#8220;Projektleiter \/in Sanit\u00e4r&#8220; open_toggle_background_color=&#8220;RGBA(0,0,0,0)&#8220; closed_toggle_background_color=&#8220;RGBA(0,0,0,0)&#8220; icon_color=&#8220;gcid-8fddec47-a713-4d10-b006-5bc318290bd1&#8243; open_icon_color=&#8220;gcid-8fddec47-a713-4d10-b006-5bc318290bd1&#8243; _builder_version=&#8220;4.27.4&#8243; _module_preset=&#8220;default&#8220; title_text_color=&#8220;gcid-8fddec47-a713-4d10-b006-5bc318290bd1&#8243; title_font_size=&#8220;18px&#8220; title_line_height=&#8220;1.3em&#8220; custom_margin=&#8220;||0px||false|false&#8220; custom_padding=&#8220;0px|||0px|false|false&#8220; border_width_all=&#8220;0px&#8220; global_colors_info=&#8220;{%22gcid-8fddec47-a713-4d10-b006-5bc318290bd1%22:%91%22icon_color%22,%22title_text_color%22%93}&#8220;]<\/p>\n<p><strong>Dein Profil :<\/strong><\/p>\n<ul>\n<li>Abschluss als Geb\u00e4udetechnikplaner\/in EFZ Sanit\u00e4r oder Sanit\u00e4rinstallateur\/in EFZ<\/li>\n<li>Erfahrung in der Leitung von Projekten mit Qualit\u00e4ts- und Kostenbewusstsein<\/li>\n<li>Engagierte und zuverl\u00e4ssige Pers\u00f6nlichkeit<\/li>\n<li>Strukturiertes und teamorientiertes Arbeiten<\/li>\n<li>Begeisterung und Stolz auf deine Arbeit<\/li>\n<li>Gute Kenntnisse in MS Office<\/li>\n<li>Muttersprache Deutsch oder Franz\u00f6sisch mit guten Kenntnissen der anderen Sprache<\/li>\n<\/ul>\n<p><strong>Deine Aufgaben :<\/strong><\/p>\n<ul>\n<li>Selbst\u00e4ndige Projektbearbeitung gem\u00e4ss SIA und internen Qualit\u00e4tsstandards<\/li>\n<li>Erstellen von Submissionen und Berechnungen<\/li>\n<li>Diagnostik W3\/E4<\/li>\n<li>Teilnahme\/Organisation von Sitzungen<\/li>\n<\/ul>\n<p><strong>Interessiert?<\/strong><\/p>\n<p>Bist du bereit Verantwortung zu u\u0308bernehmen und unser junges Team tatkr\u00e4ftig zu unterstu\u0308tzen ? Dann melde dich jetzt und sende deine Bewerbungsunterlagen an <a href=\"mailto:info@duchein.ch\">info@duchein.ch<\/a>. Fu\u0308r weitere Ausku\u0308nfte steht dir Myriam Neuhaus, operative Leiterin unter 026 402 48 52 gerne zur Verfu\u0308gung.<\/p>\n<p>&nbsp;<\/p>\n<p>[\/et_pb_toggle][et_pb_button button_url=&#8220;mailto:info@duchein.ch&#8220; button_text=&#8220;sende deine Bewerbung&#8220; _builder_version=&#8220;4.22.1&#8243; _module_preset=&#8220;default&#8220; custom_button=&#8220;on&#8220; button_text_size=&#8220;16px&#8220; global_colors_info=&#8220;{}&#8220;][\/et_pb_button][\/et_pb_column][et_pb_column type=&#8220;1_2&#8243; module_class=&#8220;inline_button&#8220; _builder_version=&#8220;4.22.1&#8243; _module_preset=&#8220;default&#8220; global_colors_info=&#8220;{}&#8220;][et_pb_cta title=&#8220;PLANE MIT UNS DIE ZUKUNFT!&#8220; _builder_version=&#8220;4.27.4&#8243; _module_preset=&#8220;default&#8220; header_font=&#8220;|800|||||||&#8220; header_text_align=&#8220;left&#8220; header_text_color=&#8220;#000000&#8243; header_font_size=&#8220;35px&#8220; background_image=&#8220;https:\/\/www.duchein.ch\/wp-content\/uploads\/2022\/01\/emploi.jpg&#8220; text_orientation=&#8220;left&#8220; height=&#8220;240px&#8220; custom_margin=&#8220;||||false|false&#8220; custom_margin_tablet=&#8220;||||false|false&#8220; custom_margin_phone=&#8220;||||false|false&#8220; custom_margin_last_edited=&#8220;on|phone&#8220; custom_padding=&#8220;||||false|false&#8220; custom_padding_tablet=&#8220;||||false|false&#8220; custom_padding_phone=&#8220;|||20px|false|false&#8220; custom_padding_last_edited=&#8220;on|phone&#8220; header_font_size_tablet=&#8220;35px&#8220; header_font_size_phone=&#8220;&#8220; header_font_size_last_edited=&#8220;on|phone&#8220; custom_css_promo_title=&#8220;width: 80%;&#8220; border_width_bottom=&#8220;7px&#8220; border_color_bottom=&#8220;gcid-8fddec47-a713-4d10-b006-5bc318290bd1&#8243; locked=&#8220;off&#8220; global_colors_info=&#8220;{%22gcid-8fddec47-a713-4d10-b006-5bc318290bd1%22:%91%22border_color_bottom%22%93}&#8220; custom_css_promo_title_last_edited=&#8220;on|phone&#8220; custom_css_promo_title_tablet=&#8220;width: 80%;&#8220; custom_css_promo_title_phone=&#8220;width: 80%;&#8220;][\/et_pb_cta][et_pb_toggle title=&#8220;Geb\u00e4udetechnikplaner\/in Sanit\u00e4r&#8220; open_toggle_background_color=&#8220;RGBA(0,0,0,0)&#8220; closed_toggle_background_color=&#8220;RGBA(0,0,0,0)&#8220; icon_color=&#8220;gcid-8fddec47-a713-4d10-b006-5bc318290bd1&#8243; open_icon_color=&#8220;gcid-8fddec47-a713-4d10-b006-5bc318290bd1&#8243; _builder_version=&#8220;4.27.4&#8243; _module_preset=&#8220;default&#8220; title_text_color=&#8220;gcid-8fddec47-a713-4d10-b006-5bc318290bd1&#8243; title_font_size=&#8220;18px&#8220; title_line_height=&#8220;1.3em&#8220; custom_margin=&#8220;||0px||false|false&#8220; custom_padding=&#8220;0px|||0px|false|false&#8220; border_width_all=&#8220;0px&#8220; global_colors_info=&#8220;{%22gcid-8fddec47-a713-4d10-b006-5bc318290bd1%22:%91%22icon_color%22,%22title_text_color%22%93}&#8220;]<\/p>\n<p><strong>Dein Profil :<\/strong><\/p>\n<ul>\n<li>Erfolgreichen Berufsabschluss EFZ als Geb\u00e4udetechnikplaner\/in Sanit\u00e4r<\/li>\n<li>Erfahrung in Konzeption bis zu Ausf\u00fchrungspl\u00e4ne auf CAD<\/li>\n<li>rasche Auffassungsgabe, exakte Arbeitsweise mit Bereitschaft an Weiterbildung<\/li>\n<li>selbst\u00e4ndiges, organisiertes, strukturiertes Arbeiten<\/li>\n<li>engagierte und zuverl\u00e4ssige Pers\u00f6nlichkeit<\/li>\n<li>Erfahrung in Anwendung von CAD (AutoDesk &#8211; Revit) und MS Office<\/li>\n<li>Muttersprache Deutsch oder Franz\u00f6sisch mit Kenntnissen der anderen Sprache<\/li>\n<\/ul>\n<p><strong>Interessiert?<\/strong><\/p>\n<p>Bist du neugierig und motiviert unser Team tatkr\u00e4ftig zu unterst\u00fctzen ? Dann sende deine Bewerbungsunterlagen an <a href=\"mailto:info@duchein.ch\">info@duchein.ch<\/a>. Fu\u0308r weitere Ausku\u0308nfte steht dir Myriam Neuhaus, operative Leiterin unter 026 402 48 52 gerne zur Verfu\u0308gung. Wir freuen uns, dich kennen zu lernen !<\/p>\n<p>[\/et_pb_toggle][et_pb_button button_url=&#8220;mailto:info@duchein.ch&#8220; button_text=&#8220;sende deine Bewerbung&#8220; _builder_version=&#8220;4.22.1&#8243; _module_preset=&#8220;default&#8220; custom_button=&#8220;on&#8220; button_text_size=&#8220;16px&#8220; global_colors_info=&#8220;{}&#8220;][\/et_pb_button][\/et_pb_column][\/et_pb_row][et_pb_row column_structure=&#8220;1_2,1_2&#8243; disabled_on=&#8220;off|off|off&#8220; _builder_version=&#8220;4.22.1&#8243; _module_preset=&#8220;default&#8220; global_colors_info=&#8220;{}&#8220;][et_pb_column type=&#8220;1_2&#8243; module_class=&#8220;inline_button&#8220; _builder_version=&#8220;4.22.1&#8243; _module_preset=&#8220;default&#8220; global_colors_info=&#8220;{}&#8220;][et_pb_image src=&#8220;https:\/\/www.duchein.ch\/wp-content\/uploads\/2024\/04\/image_apprenti_DE.jpg&#8220; title_text=&#8220;image_apprenti_DE&#8220; _builder_version=&#8220;4.22.1&#8243; _module_preset=&#8220;default&#8220; width=&#8220;76%&#8220; custom_css_main_element=&#8220;height: 240px;&#8220; global_colors_info=&#8220;{}&#8220;][\/et_pb_image][et_pb_toggle title=&#8220;Berufslehre als Geb\u00e4udetechnikplaner\/in EFZ&#8220; open_toggle_background_color=&#8220;RGBA(0,0,0,0)&#8220; closed_toggle_background_color=&#8220;RGBA(0,0,0,0)&#8220; icon_color=&#8220;gcid-8fddec47-a713-4d10-b006-5bc318290bd1&#8243; open_icon_color=&#8220;gcid-8fddec47-a713-4d10-b006-5bc318290bd1&#8243; _builder_version=&#8220;4.27.5&#8243; _module_preset=&#8220;default&#8220; title_text_color=&#8220;gcid-8fddec47-a713-4d10-b006-5bc318290bd1&#8243; title_font_size=&#8220;18px&#8220; title_line_height=&#8220;1.3em&#8220; custom_margin=&#8220;||0px||false|false&#8220; custom_padding=&#8220;0px|||0px|false|false&#8220; hover_enabled=&#8220;0&#8243; border_width_all=&#8220;0px&#8220; global_colors_info=&#8220;{%22gcid-8fddec47-a713-4d10-b006-5bc318290bd1%22:%91%22icon_color%22,%22title_text_color%22%93}&#8220; sticky_enabled=&#8220;0&#8243;]<\/p>\n<p>Nach einem Lehrabschluss als Sanit\u00e4rinstallateur\/in, bieten wir 2 M\u00f6glichkeiten an, die Berufslehre bei uns zu absolvieren:<\/p>\n<ul>\n<li>w\u00e4hrend 2 Jahren in der Deutschschweiz, Berufsschule in Bern<\/li>\n<li>w\u00e4hrend 3 Jahren in der Westschweiz, Berufsschule in Morges<\/li>\n<\/ul>\n<p><a href=\"https:\/\/suissetec.ch\/de\/gebaeudetechnikplaner-in-sanitaer-efz.html\" target=\"_blank\" rel=\"noopener\">F\u00fcr weitere Informationen zur Berufslehre<\/a><\/p>\n<p>Dein Profil:<\/p>\n<ul>\n<li>Begabung f\u00fcr technisches Zeichnen<\/li>\n<li>Methodische und exakte Arbeitsweise<\/li>\n<li>Gute Schulleistungen<\/li>\n<li>Gute Informatikkenntnisse<\/li>\n<li>Teamf\u00e4higkeit<\/li>\n<\/ul>\n<p>Eintritt: August 2027<\/p>\n<p>Bist du motiviert f\u00fcr eine Ausbildung in einem dynamischen Umfeld, umgeben von professionellen und erfahrenen Arbeitskollegen? Dann schicke deine Bewerbung mit den \u00fcblichen Unterlagen (Bewerbungsschreiben, Lebenslauf, Kopie des EFZ mit Noten). Nach Pr\u00fcfung des Dossiers, laden wir dich gerne zu einem Praktikum ein. F\u00fcr weitere Ausk\u00fcnfte stehen wir unter 026 402 48 52 gerne zur Verf\u00fcgung.<\/p>\n<p>[\/et_pb_toggle][et_pb_button button_url=&#8220;mailto:info@duchein.ch&#8220; button_text=&#8220;sende deine Bewerbung&#8220; _builder_version=&#8220;4.18.0&#8243; _module_preset=&#8220;default&#8220; custom_button=&#8220;on&#8220; button_text_size=&#8220;16px&#8220; global_colors_info=&#8220;{}&#8220;][\/et_pb_button][et_pb_button button_url=&#8220;#reservation&#8220; button_text=&#8220;entdecke den Beruf&#8220; module_class=&#8220;rv_button_02 closed&#8220; _builder_version=&#8220;4.18.0&#8243; _module_preset=&#8220;default&#8220; custom_button=&#8220;on&#8220; button_text_size=&#8220;16px&#8220; custom_margin=&#8220;0px|15px|0px||false|false&#8220; locked=&#8220;off&#8220; global_colors_info=&#8220;{}&#8220;][\/et_pb_button][\/et_pb_column][et_pb_column type=&#8220;1_2&#8243; _builder_version=&#8220;4.16&#8243; _module_preset=&#8220;default&#8220; global_colors_info=&#8220;{}&#8220;][et_pb_image src=&#8220;data:image\/svg+xml;base64,PHN2ZyB3aWR0aD0iMTA4MCIgaGVpZ2h0PSI1NDAiIHZpZXdCb3g9IjAgMCAxMDgwIDU0MCIgeG1sbnM9Imh0dHA6Ly93d3cudzMub3JnLzIwMDAvc3ZnIj4KICAgIDxnIGZpbGw9Im5vbmUiIGZpbGwtcnVsZT0iZXZlbm9kZCI+CiAgICAgICAgPHBhdGggZmlsbD0iI0VCRUJFQiIgZD0iTTAgMGgxMDgwdjU0MEgweiIvPgogICAgICAgIDxwYXRoIGQ9Ik00NDUuNjQ5IDU0MGgtOTguOTk1TDE0NC42NDkgMzM3Ljk5NSAwIDQ4Mi42NDR2LTk4Ljk5NWwxMTYuMzY1LTExNi4zNjVjMTUuNjItMTUuNjIgNDAuOTQ3LTE1LjYyIDU2LjU2OCAwTDQ0NS42NSA1NDB6IiBmaWxsLW9wYWNpdHk9Ii4xIiBmaWxsPSIjMDAwIiBmaWxsLXJ1bGU9Im5vbnplcm8iLz4KICAgICAgICA8Y2lyY2xlIGZpbGwtb3BhY2l0eT0iLjA1IiBmaWxsPSIjMDAwIiBjeD0iMzMxIiBjeT0iMTQ4IiByPSI3MCIvPgogICAgICAgIDxwYXRoIGQ9Ik0xMDgwIDM3OXYxMTMuMTM3TDcyOC4xNjIgMTQwLjMgMzI4LjQ2MiA1NDBIMjE1LjMyNEw2OTkuODc4IDU1LjQ0NmMxNS42Mi0xNS42MiA0MC45NDgtMTUuNjIgNTYuNTY4IDBMMTA4MCAzNzl6IiBmaWxsLW9wYWNpdHk9Ii4yIiBmaWxsPSIjMDAwIiBmaWxsLXJ1bGU9Im5vbnplcm8iLz4KICAgIDwvZz4KPC9zdmc+Cg==&#8220; disabled_on=&#8220;on|on|on&#8220; _builder_version=&#8220;4.22.1&#8243; _module_preset=&#8220;default&#8220; disabled=&#8220;on&#8220; global_colors_info=&#8220;{}&#8220;][\/et_pb_image][et_pb_toggle title=&#8220;apprentissage d\u2019employ\u00e9(e) de commerce (h\/f)&#8220; open_toggle_background_color=&#8220;RGBA(0,0,0,0)&#8220; closed_toggle_background_color=&#8220;RGBA(0,0,0,0)&#8220; icon_color=&#8220;gcid-8fddec47-a713-4d10-b006-5bc318290bd1&#8243; open_icon_color=&#8220;gcid-8fddec47-a713-4d10-b006-5bc318290bd1&#8243; disabled_on=&#8220;on|on|on&#8220; _builder_version=&#8220;4.22.1&#8243; _module_preset=&#8220;default&#8220; title_text_color=&#8220;gcid-8fddec47-a713-4d10-b006-5bc318290bd1&#8243; title_font_size=&#8220;18px&#8220; title_line_height=&#8220;1.3em&#8220; custom_margin=&#8220;||0px||false|false&#8220; custom_padding=&#8220;0px|||0px|false|false&#8220; border_width_all=&#8220;0px&#8220; disabled=&#8220;on&#8220; global_colors_info=&#8220;{%22gcid-8fddec47-a713-4d10-b006-5bc318290bd1%22:%91%22icon_color%22,%22title_text_color%22%93}&#8220;]<\/p>\n<p>Apr\u00e8s la fin de votre scolarit\u00e9 obligatoire, nous offrons la possibilit\u00e9 de faire un apprentissage sur 3 ans dans la branche &#8222;services &amp; administration&#8220;. Plus d&#8217;informations sur l&#8217;apprentissage sont disponible sur le site <a href=\"https:\/\/www.orientation.ch\/\" target=\"_blank\" rel=\"noopener\" title=\"www.orientation.ch\">www.orientation.ch<\/a>.<\/p>\n<p>Votre profil :<\/p>\n<ul>\n<li>dot\u00e9(e) d&#8217;un esprit m\u00e9thodique et rigoureux<\/li>\n<li>bonnes aptitudes scolaires<\/li>\n<li>bonnes connaissances informatiques<\/li>\n<li>plaisir \u00e0 effectuer des travaux au sein d&#8217;un bureau d&#8217;ing\u00e9nieur vari\u00e9 dans l&#8217;administration, Marketing et RH<\/li>\n<li>attrait pour les t\u00e2ches r\u00e9dactionnelles et l&#8217;\u00e9change avec d&#8217;autres acteurs de la branche<\/li>\n<li>disposition \u00e0 prendre des responsabilit\u00e9s<\/li>\n<li>go\u00fbt pour les contacts et aptitude \u00e0 communiquer<\/li>\n<li>autonome, esprit d&#8217;\u00e9quipe, disposition \u00e0 apprendre et fiabilit\u00e9<\/li>\n<li>ma\u00eetrise de la langue fran\u00e7aise avec des connaissances de la langue allemande<\/li>\n<\/ul>\n<p>Entr\u00e9e : ao\u00fbt 2023<\/p>\n<p>Motiv\u00e9(e) par une formation dans un environnement dynamique, entour\u00e9(e) de professionnels exp\u00e9riment\u00e9s ? Envoyez votre dossier \u00e9lectroniquement ou par poste, accompagn\u00e9 des documents usuels (lettre de motivation, CV, notes).<br \/>Pour de plus amples informations, n&#8217;h\u00e9sitez pas \u00e0 nous contacter au 026 402 48 52.<\/p>\n<p>[\/et_pb_toggle][et_pb_button button_url=&#8220;mailto:info@duchein.ch&#8220; button_text=&#8220;envoyez votre candidature&#8220; disabled_on=&#8220;on|on|on&#8220; _builder_version=&#8220;4.22.1&#8243; _module_preset=&#8220;default&#8220; custom_button=&#8220;on&#8220; button_text_size=&#8220;16px&#8220; disabled=&#8220;on&#8220; global_colors_info=&#8220;{}&#8220;][\/et_pb_button][\/et_pb_column][\/et_pb_row][\/et_pb_section][et_pb_section fb_built=&#8220;1&#8243; disabled_on=&#8220;off|off|off&#8220; module_id=&#8220;reveal_02&#8243; _builder_version=&#8220;4.18.0&#8243; _module_preset=&#8220;default&#8220; custom_padding=&#8220;0px||||false|false&#8220; locked=&#8220;off&#8220; global_colors_info=&#8220;{}&#8220;][et_pb_row _builder_version=&#8220;4.16&#8243; _module_preset=&#8220;default&#8220; custom_padding=&#8220;0px||0px||false|false&#8220; global_colors_info=&#8220;{}&#8220;][et_pb_column type=&#8220;4_4&#8243; _builder_version=&#8220;4.16&#8243; _module_preset=&#8220;default&#8220; global_colors_info=&#8220;{}&#8220;][et_pb_video src=&#8220;https:\/\/www.duchein.ch\/wp-content\/uploads\/2023\/03\/Apprentis-projeteur-bilingue_1_BQ.mp4&#8243; image_src=&#8220;https:\/\/www.duchein.ch\/wp-content\/uploads\/2022\/10\/logo_duchein_video.png&#8220; play_icon_color=&#8220;RGBA(255,255,255,0)&#8220; font_icon=&#8220;&#xf144;||fa||400&#8243; use_icon_font_size=&#8220;on&#8220; icon_font_size=&#8220;75px&#8220; disabled_on=&#8220;off|off|off&#8220; _builder_version=&#8220;4.18.0&#8243; _module_preset=&#8220;default&#8220; global_colors_info=&#8220;{}&#8220; play_icon_color__hover_enabled=&#8220;on|desktop&#8220; play_icon_color__hover=&#8220;RGBA(255,255,255,0)&#8220;][\/et_pb_video][\/et_pb_column][\/et_pb_row][\/et_pb_section]<\/p>\n","protected":false},"excerpt":{"rendered":"<p>arbeiten bei duchein Bist du bereit f\u00fcr eine neue berufliche Herausforderung in einem innovativen Unternehmen ?Willst du spannende, einmalige und zukunftsorientierte Projekte realisieren ? Dann haben wir die ideale M\u00f6glichkeit f\u00fcr dich !Was unsere Mitarbeitenden an uns sch\u00e4tzen Prestigetr\u00e4chtige, abwechslungsreiche, innovative Projekte in der ganzen Schweiz Projekte in BIM, inkl. Koordination vielseitiges, dynamisches und herausforderndes [&hellip;]<\/p>\n","protected":false},"author":1,"featured_media":0,"parent":0,"menu_order":0,"comment_status":"closed","ping_status":"closed","template":"","meta":{"_et_pb_use_builder":"on","_et_pb_old_content":"","_et_gb_content_width":"","inline_featured_image":false,"footnotes":""},"class_list":["post-1920","page","type-page","status-publish","hentry"],"jetpack_sharing_enabled":true,"_links":{"self":[{"href":"https:\/\/www.duchein.ch\/de\/wp-json\/wp\/v2\/pages\/1920","targetHints":{"allow":["GET"]}}],"collection":[{"href":"https:\/\/www.duchein.ch\/de\/wp-json\/wp\/v2\/pages"}],"about":[{"href":"https:\/\/www.duchein.ch\/de\/wp-json\/wp\/v2\/types\/page"}],"author":[{"embeddable":true,"href":"https:\/\/www.duchein.ch\/de\/wp-json\/wp\/v2\/users\/1"}],"replies":[{"embeddable":true,"href":"https:\/\/www.duchein.ch\/de\/wp-json\/wp\/v2\/comments?post=1920"}],"version-history":[{"count":24,"href":"https:\/\/www.duchein.ch\/de\/wp-json\/wp\/v2\/pages\/1920\/revisions"}],"predecessor-version":[{"id":3929,"href":"https:\/\/www.duchein.ch\/de\/wp-json\/wp\/v2\/pages\/1920\/revisions\/3929"}],"wp:attachment":[{"href":"https:\/\/www.duchein.ch\/de\/wp-json\/wp\/v2\/media?parent=1920"}],"curies":[{"name":"wp","href":"https:\/\/api.w.org\/{rel}","templated":true}]}}